{"id":14003,"date":"2025-06-19T14:18:46","date_gmt":"2025-06-19T12:18:46","guid":{"rendered":"https:\/\/www.marinasbrest.fr\/?post_type=cpt_evenements&#038;p=14003"},"modified":"2025-06-19T14:19:58","modified_gmt":"2025-06-19T12:19:58","slug":"invitation-apero-ponton-vendredi-27-juin-a-18h00","status":"publish","type":"cpt_evenements","link":"https:\/\/www.marinasbrest.fr\/en\/all-events\/invitation-apero-ponton-vendredi-27-juin-a-18h00\/","title":{"rendered":"Invitation - Ap\u00e9ro ponton vendredi 27 juin \u00e0 18h00"},"content":{"rendered":"\n<p>Nous avons le plaisir d\u2019inviter les plaisanciers en contrat annuel \u00e0 un moment convivial et chaleureux \u00e0 l\u2019occasion de notre <strong>premier Ap\u00e9ro Ponton<\/strong>. Cet \u00e9v\u00e9nement est \u00e9galement l\u2019occasion de mettre en avant notre engagement environnemental, \u00e0 travers la certification <strong>Ports Propres \u2013 Actifs en biodiversit\u00e9<\/strong>.<\/p>\n\n\n\n<h2 class=\"wp-block-heading\"><mark style=\"background-color:rgba(0, 0, 0, 0);color:#2a627d\" class=\"has-inline-color\">Informations pratiques <\/mark><\/h2>\n\n\n\n<ul class=\"wp-block-list\">\n<li><strong>Date<\/strong> : Vendredi 27 juin 2025<\/li>\n\n\n\n<li><strong>Heure<\/strong> : \u00c0 partir de 18h00<\/li>\n\n\n\n<li><strong>Lieu<\/strong> : Salle des Records, 55 quai \u00c9ric Tabarly, 29200 Brest <em>(\u00e0 la Marina du Ch\u00e2teau)<\/em><\/li>\n\n\n\n<li><strong>Inscription<\/strong> : Obligatoire avant le <strong>15 juin<\/strong><\/li>\n\n\n\n<li><strong>Places limit\u00e9es<\/strong> : Chaque plaisancier peut venir accompagn\u00e9 d\u2019une personne <em>(2 personnes par invitation)<\/em><\/li>\n<\/ul>\n\n\n\n<h2 class=\"wp-block-heading\"><mark style=\"background-color:rgba(0, 0, 0, 0);color:#2a627d\" class=\"has-inline-color\">Un moment de partage et de rencontres<\/mark><\/h2>\n\n\n\n<p>Cet \u00e9v\u00e9nement est l\u2019occasion id\u00e9ale pour \u00e9changer entre plaisanciers, partager vos exp\u00e9riences et tisser des liens autour d\u2019un ap\u00e9ritif convivial.<\/p>\n\n\n\n<p><mark style=\"background-color:rgba(0, 0, 0, 0);color:#ed6c5e\" class=\"has-inline-color\">L\u2019association Cap Atlantique sera pr\u00e9sente pour vous pr\u00e9senter son projet<\/mark><strong>\ud83c\udf0a\ud83d\udc99<\/strong><\/p>\n\n\n\n<p>Une initiative bretonne engag\u00e9e dans la promotion de la navigation responsable et solidaire. D\u00e8s d\u00e9but ao\u00fbt, leur aventure va consister \u00e0 traverser l\u2019Atlantique \u00e0 la voile pendant un an pour sensibiliser \u00e0 l\u2019\u00e9cologie, mener des actions solidaires et partager leur passion pour la mer.<\/p>\n\n\n\n<p>Vous pouvez les retrouver sur Instagram&nbsp;: <a href=\"https:\/\/www.instagram.com\/cap.atlantique\/\"><strong>Cap Atlantique<\/strong><\/a><\/p>\n\n\n\n<p><mark style=\"background-color:rgba(0, 0, 0, 0);color:#ed6c5e\" class=\"has-inline-color\">Un ap\u00e9ritif gourmand avec L\u2019Escale Fromag\u00e8re <\/mark>\ud83e\uddc0\ud83d\udc69\u200d\ud83c\udf73<\/p>\n\n\n\n<p>Notre partenaire, <strong>L\u2019Escale Fromag\u00e8re<\/strong>, vous proposera une s\u00e9lection de produits locaux et artisanaux pour accompagner ce moment de convivialit\u00e9.<\/p>\n\n\n\n<p>Vous pouvez les retrouver sur Instagram&nbsp;: <a href=\"https:\/\/www.instagram.com\/escale.fromagere\/\"><strong>Escale Fromag\u00e8re<\/strong><\/a><\/p>\n\n\n\n<p>Nous esp\u00e9rons vous retrouver nombreux pour ce moment <strong>d\u2019\u00e9change et de bonne humeur<\/strong>&nbsp;!<\/p>\n\n\n\n<p><a>\u2728<\/a>Bonne saison 2025 \u00e0 tous&nbsp;<\/p>\n\n\n\n<p>**Pour aller plus loin**&nbsp;:<\/p>\n\n\n\n<p><a href=\"https:\/\/www.marinasbrest.fr\/marina-du-chateau\/\">D\u00e9couvrez notre page d\u00e9di\u00e9 \u00e0 la marina du Chateau<\/a> et <a href=\"https:\/\/www.marinasbrest.fr\/marina-du-moulin-blanc\/\">\u00e0 la marina du Moulin Blanc <\/a><\/p>\n\n\n\n<p>Pour plus d\u2019info, contactez nous&nbsp;:<a> <\/a><a href=\"mailto:chateau@marinasbrest.fr\">chateau@marinasbrest.fr<\/a> <a href=\"mailto:moulinblanc@marinasbrest.fr\">moulinblanc@marinasbrest.fr<\/a><\/p>\n\n\n\n<p><\/p>\n","protected":false},"excerpt":{"rendered":"","protected":false},"author":6,"featured_media":14006,"parent":0,"template":"","taxo_tags_events":[119],"class_list":["post-14003","cpt_evenements","type-cpt_evenements","status-publish","has-post-thumbnail","hentry"],"acf":[],"yoast_head":"<!-- This site is optimized with the Yoast SEO plugin v27.4 - https:\/\/yoast.com\/product\/yoast-seo-wordpress\/ -->\n<title>Invitation - Ap\u00e9ro ponton vendredi 27 juin \u00e0 18h00 - Brest Marinas<\/title>\n<meta name=\"robots\" content=\"index, follow, max-snippet:-1, max-image-preview:large, max-video-preview:-1\" \/>\n<link rel=\"canonical\" href=\"https:\/\/www.marinasbrest.fr\/en\/all-events\/invitation-apero-ponton-vendredi-27-juin-a-18h00\/\" \/>\n<meta property=\"og:locale\" content=\"en_US\" \/>\n<meta property=\"og:type\" content=\"article\" \/>\n<meta property=\"og:title\" content=\"Invitation - Ap\u00e9ro ponton vendredi 27 juin \u00e0 18h00 - Brest Marinas\" \/>\n<meta property=\"og:url\" content=\"https:\/\/www.marinasbrest.fr\/en\/all-events\/invitation-apero-ponton-vendredi-27-juin-a-18h00\/\" \/>\n<meta property=\"og:site_name\" content=\"Brest Marinas\" \/>\n<meta property=\"article:publisher\" content=\"https:\/\/www.facebook.com\/marinasbrest\/\" \/>\n<meta property=\"article:modified_time\" content=\"2025-06-19T12:19:58+00:00\" \/>\n<meta property=\"og:image\" content=\"https:\/\/www.marinasbrest.fr\/wp-content\/uploads\/2025\/06\/Design-sans-titre-2.png\" \/>\n\t<meta property=\"og:image:width\" content=\"1920\" \/>\n\t<meta property=\"og:image:height\" content=\"1080\" \/>\n\t<meta property=\"og:image:type\" content=\"image\/png\" \/>\n<meta name=\"twitter:card\" content=\"summary_large_image\" \/>\n<meta name=\"twitter:label1\" content=\"Est. reading time\" \/>\n\t<meta name=\"twitter:data1\" content=\"2 minutes\" \/>\n<script type=\"application\/ld+json\" class=\"yoast-schema-graph\">{\"@context\":\"https:\\\/\\\/schema.org\",\"@graph\":[{\"@type\":\"WebPage\",\"@id\":\"https:\\\/\\\/www.marinasbrest.fr\\\/en\\\/all-events\\\/invitation-apero-ponton-vendredi-27-juin-a-18h00\\\/\",\"url\":\"https:\\\/\\\/www.marinasbrest.fr\\\/en\\\/all-events\\\/invitation-apero-ponton-vendredi-27-juin-a-18h00\\\/\",\"name\":\"Invitation - Ap\u00e9ro ponton vendredi 27 juin \u00e0 18h00 - Brest Marinas\",\"isPartOf\":{\"@id\":\"https:\\\/\\\/www.marinasbrest.fr\\\/en\\\/#website\"},\"primaryImageOfPage\":{\"@id\":\"https:\\\/\\\/www.marinasbrest.fr\\\/en\\\/all-events\\\/invitation-apero-ponton-vendredi-27-juin-a-18h00\\\/#primaryimage\"},\"image\":{\"@id\":\"https:\\\/\\\/www.marinasbrest.fr\\\/en\\\/all-events\\\/invitation-apero-ponton-vendredi-27-juin-a-18h00\\\/#primaryimage\"},\"thumbnailUrl\":\"https:\\\/\\\/www.marinasbrest.fr\\\/wp-content\\\/uploads\\\/2025\\\/06\\\/Design-sans-titre-2.png\",\"datePublished\":\"2025-06-19T12:18:46+00:00\",\"dateModified\":\"2025-06-19T12:19:58+00:00\",\"breadcrumb\":{\"@id\":\"https:\\\/\\\/www.marinasbrest.fr\\\/en\\\/all-events\\\/invitation-apero-ponton-vendredi-27-juin-a-18h00\\\/#breadcrumb\"},\"inLanguage\":\"en-US\",\"potentialAction\":[{\"@type\":\"ReadAction\",\"target\":[\"https:\\\/\\\/www.marinasbrest.fr\\\/en\\\/all-events\\\/invitation-apero-ponton-vendredi-27-juin-a-18h00\\\/\"]}]},{\"@type\":\"ImageObject\",\"inLanguage\":\"en-US\",\"@id\":\"https:\\\/\\\/www.marinasbrest.fr\\\/en\\\/all-events\\\/invitation-apero-ponton-vendredi-27-juin-a-18h00\\\/#primaryimage\",\"url\":\"https:\\\/\\\/www.marinasbrest.fr\\\/wp-content\\\/uploads\\\/2025\\\/06\\\/Design-sans-titre-2.png\",\"contentUrl\":\"https:\\\/\\\/www.marinasbrest.fr\\\/wp-content\\\/uploads\\\/2025\\\/06\\\/Design-sans-titre-2.png\",\"width\":1920,\"height\":1080},{\"@type\":\"BreadcrumbList\",\"@id\":\"https:\\\/\\\/www.marinasbrest.fr\\\/en\\\/all-events\\\/invitation-apero-ponton-vendredi-27-juin-a-18h00\\\/#breadcrumb\",\"itemListElement\":[{\"@type\":\"ListItem\",\"position\":1,\"name\":\"Accueil\",\"item\":\"https:\\\/\\\/www.marinasbrest.fr\\\/en\\\/\"},{\"@type\":\"ListItem\",\"position\":2,\"name\":\"Invitation - Ap\u00e9ro ponton vendredi 27 juin \u00e0 18h00\"}]},{\"@type\":\"WebSite\",\"@id\":\"https:\\\/\\\/www.marinasbrest.fr\\\/en\\\/#website\",\"url\":\"https:\\\/\\\/www.marinasbrest.fr\\\/en\\\/\",\"name\":\"Brest Marinas\",\"description\":\"Deux marinas pour votre escale dans l&#039;une des plus belles rades du Monde\",\"publisher\":{\"@id\":\"https:\\\/\\\/www.marinasbrest.fr\\\/en\\\/#organization\"},\"potentialAction\":[{\"@type\":\"SearchAction\",\"target\":{\"@type\":\"EntryPoint\",\"urlTemplate\":\"https:\\\/\\\/www.marinasbrest.fr\\\/en\\\/?s={search_term_string}\"},\"query-input\":{\"@type\":\"PropertyValueSpecification\",\"valueRequired\":true,\"valueName\":\"search_term_string\"}}],\"inLanguage\":\"en-US\"},{\"@type\":\"Organization\",\"@id\":\"https:\\\/\\\/www.marinasbrest.fr\\\/en\\\/#organization\",\"name\":\"Les Marinas de Brest\",\"url\":\"https:\\\/\\\/www.marinasbrest.fr\\\/en\\\/\",\"logo\":{\"@type\":\"ImageObject\",\"inLanguage\":\"en-US\",\"@id\":\"https:\\\/\\\/www.marinasbrest.fr\\\/en\\\/#\\\/schema\\\/logo\\\/image\\\/\",\"url\":\"https:\\\/\\\/www.marinasbrest.fr\\\/wp-content\\\/uploads\\\/2021\\\/11\\\/logo.png\",\"contentUrl\":\"https:\\\/\\\/www.marinasbrest.fr\\\/wp-content\\\/uploads\\\/2021\\\/11\\\/logo.png\",\"width\":484,\"height\":484,\"caption\":\"Les Marinas de Brest\"},\"image\":{\"@id\":\"https:\\\/\\\/www.marinasbrest.fr\\\/en\\\/#\\\/schema\\\/logo\\\/image\\\/\"},\"sameAs\":[\"https:\\\/\\\/www.facebook.com\\\/marinasbrest\\\/\"]}]}<\/script>\n<!-- \/ Yoast SEO plugin. -->","yoast_head_json":{"title":"Invitation - Ap\u00e9ro ponton vendredi 27 juin \u00e0 18h00 - Brest Marinas","robots":{"index":"index","follow":"follow","max-snippet":"max-snippet:-1","max-image-preview":"max-image-preview:large","max-video-preview":"max-video-preview:-1"},"canonical":"https:\/\/www.marinasbrest.fr\/en\/all-events\/invitation-apero-ponton-vendredi-27-juin-a-18h00\/","og_locale":"en_US","og_type":"article","og_title":"Invitation - Ap\u00e9ro ponton vendredi 27 juin \u00e0 18h00 - Brest Marinas","og_url":"https:\/\/www.marinasbrest.fr\/en\/all-events\/invitation-apero-ponton-vendredi-27-juin-a-18h00\/","og_site_name":"Brest Marinas","article_publisher":"https:\/\/www.facebook.com\/marinasbrest\/","article_modified_time":"2025-06-19T12:19:58+00:00","og_image":[{"width":1920,"height":1080,"url":"https:\/\/www.marinasbrest.fr\/wp-content\/uploads\/2025\/06\/Design-sans-titre-2.png","type":"image\/png"}],"twitter_card":"summary_large_image","twitter_misc":{"Est. reading time":"2 minutes"},"schema":{"@context":"https:\/\/schema.org","@graph":[{"@type":"WebPage","@id":"https:\/\/www.marinasbrest.fr\/en\/all-events\/invitation-apero-ponton-vendredi-27-juin-a-18h00\/","url":"https:\/\/www.marinasbrest.fr\/en\/all-events\/invitation-apero-ponton-vendredi-27-juin-a-18h00\/","name":"Invitation - Ap\u00e9ro ponton vendredi 27 juin \u00e0 18h00 - Brest Marinas","isPartOf":{"@id":"https:\/\/www.marinasbrest.fr\/en\/#website"},"primaryImageOfPage":{"@id":"https:\/\/www.marinasbrest.fr\/en\/all-events\/invitation-apero-ponton-vendredi-27-juin-a-18h00\/#primaryimage"},"image":{"@id":"https:\/\/www.marinasbrest.fr\/en\/all-events\/invitation-apero-ponton-vendredi-27-juin-a-18h00\/#primaryimage"},"thumbnailUrl":"https:\/\/www.marinasbrest.fr\/wp-content\/uploads\/2025\/06\/Design-sans-titre-2.png","datePublished":"2025-06-19T12:18:46+00:00","dateModified":"2025-06-19T12:19:58+00:00","breadcrumb":{"@id":"https:\/\/www.marinasbrest.fr\/en\/all-events\/invitation-apero-ponton-vendredi-27-juin-a-18h00\/#breadcrumb"},"inLanguage":"en-US","potentialAction":[{"@type":"ReadAction","target":["https:\/\/www.marinasbrest.fr\/en\/all-events\/invitation-apero-ponton-vendredi-27-juin-a-18h00\/"]}]},{"@type":"ImageObject","inLanguage":"en-US","@id":"https:\/\/www.marinasbrest.fr\/en\/all-events\/invitation-apero-ponton-vendredi-27-juin-a-18h00\/#primaryimage","url":"https:\/\/www.marinasbrest.fr\/wp-content\/uploads\/2025\/06\/Design-sans-titre-2.png","contentUrl":"https:\/\/www.marinasbrest.fr\/wp-content\/uploads\/2025\/06\/Design-sans-titre-2.png","width":1920,"height":1080},{"@type":"BreadcrumbList","@id":"https:\/\/www.marinasbrest.fr\/en\/all-events\/invitation-apero-ponton-vendredi-27-juin-a-18h00\/#breadcrumb","itemListElement":[{"@type":"ListItem","position":1,"name":"Accueil","item":"https:\/\/www.marinasbrest.fr\/en\/"},{"@type":"ListItem","position":2,"name":"Invitation - Ap\u00e9ro ponton vendredi 27 juin \u00e0 18h00"}]},{"@type":"WebSite","@id":"https:\/\/www.marinasbrest.fr\/en\/#website","url":"https:\/\/www.marinasbrest.fr\/en\/","name":"Brest Marinas","description":"Deux marinas pour votre escale dans l&#039;une des plus belles rades du Monde","publisher":{"@id":"https:\/\/www.marinasbrest.fr\/en\/#organization"},"potentialAction":[{"@type":"SearchAction","target":{"@type":"EntryPoint","urlTemplate":"https:\/\/www.marinasbrest.fr\/en\/?s={search_term_string}"},"query-input":{"@type":"PropertyValueSpecification","valueRequired":true,"valueName":"search_term_string"}}],"inLanguage":"en-US"},{"@type":"Organization","@id":"https:\/\/www.marinasbrest.fr\/en\/#organization","name":"Les Marinas de Brest","url":"https:\/\/www.marinasbrest.fr\/en\/","logo":{"@type":"ImageObject","inLanguage":"en-US","@id":"https:\/\/www.marinasbrest.fr\/en\/#\/schema\/logo\/image\/","url":"https:\/\/www.marinasbrest.fr\/wp-content\/uploads\/2021\/11\/logo.png","contentUrl":"https:\/\/www.marinasbrest.fr\/wp-content\/uploads\/2021\/11\/logo.png","width":484,"height":484,"caption":"Les Marinas de Brest"},"image":{"@id":"https:\/\/www.marinasbrest.fr\/en\/#\/schema\/logo\/image\/"},"sameAs":["https:\/\/www.facebook.com\/marinasbrest\/"]}]}},"_links":{"self":[{"href":"https:\/\/www.marinasbrest.fr\/en\/wp-json\/wp\/v2\/cpt_evenements\/14003","targetHints":{"allow":["GET"]}}],"collection":[{"href":"https:\/\/www.marinasbrest.fr\/en\/wp-json\/wp\/v2\/cpt_evenements"}],"about":[{"href":"https:\/\/www.marinasbrest.fr\/en\/wp-json\/wp\/v2\/types\/cpt_evenements"}],"author":[{"embeddable":true,"href":"https:\/\/www.marinasbrest.fr\/en\/wp-json\/wp\/v2\/users\/6"}],"version-history":[{"count":2,"href":"https:\/\/www.marinasbrest.fr\/en\/wp-json\/wp\/v2\/cpt_evenements\/14003\/revisions"}],"predecessor-version":[{"id":14009,"href":"https:\/\/www.marinasbrest.fr\/en\/wp-json\/wp\/v2\/cpt_evenements\/14003\/revisions\/14009"}],"wp:featuredmedia":[{"embeddable":true,"href":"https:\/\/www.marinasbrest.fr\/en\/wp-json\/wp\/v2\/media\/14006"}],"wp:attachment":[{"href":"https:\/\/www.marinasbrest.fr\/en\/wp-json\/wp\/v2\/media?parent=14003"}],"wp:term":[{"taxonomy":"taxo_tags_events","embeddable":true,"href":"https:\/\/www.marinasbrest.fr\/en\/wp-json\/wp\/v2\/taxo_tags_events?post=14003"}],"curies":[{"name":"wp","href":"https:\/\/api.w.org\/{rel}","templated":true}]}}