{"id":12541,"date":"2024-07-11T11:16:28","date_gmt":"2024-07-11T09:16:28","guid":{"rendered":"https:\/\/www.marinasbrest.fr\/?post_type=cpt_evenements&#038;p=12541"},"modified":"2024-07-11T11:16:30","modified_gmt":"2024-07-11T09:16:30","slug":"brest-2024-changement-dhoraire-douverture-a-la-marina-du-chateau","status":"publish","type":"cpt_evenements","link":"https:\/\/www.marinasbrest.fr\/en\/all-events\/brest-2024-changement-dhoraire-douverture-a-la-marina-du-chateau\/","title":{"rendered":"Brest 2024 - Changement d'horaire d'ouverture \u00e0 la Marina du ch\u00e2teau"},"content":{"rendered":"\n<p>Les f\u00eates maritimes 2024 d\u00e9butent ce vendredi 12 juillet. La Marina du ch\u00e2teau adapte ses horaires et sera ouverte du vendredi 12 juillet au mercredi 17 juillet de 9h \u00e0 12h30 et de 13h30 \u00e0 17h. <\/p>\n","protected":false},"excerpt":{"rendered":"","protected":false},"author":4,"featured_media":0,"parent":0,"template":"","taxo_tags_events":[],"class_list":["post-12541","cpt_evenements","type-cpt_evenements","status-publish","hentry"],"acf":[],"yoast_head":"<!-- This site is optimized with the Yoast SEO plugin v27.4 - https:\/\/yoast.com\/product\/yoast-seo-wordpress\/ -->\n<title>Brest 2024 - Changement d&#039;horaire d&#039;ouverture \u00e0 la Marina du ch\u00e2teau - Brest Marinas<\/title>\n<meta name=\"robots\" content=\"index, follow, max-snippet:-1, max-image-preview:large, max-video-preview:-1\" \/>\n<link rel=\"canonical\" href=\"https:\/\/www.marinasbrest.fr\/en\/all-events\/brest-2024-changement-dhoraire-douverture-a-la-marina-du-chateau\/\" \/>\n<meta property=\"og:locale\" content=\"en_US\" \/>\n<meta property=\"og:type\" content=\"article\" \/>\n<meta property=\"og:title\" content=\"Brest 2024 - Changement d&#039;horaire d&#039;ouverture \u00e0 la Marina du ch\u00e2teau - Brest Marinas\" \/>\n<meta property=\"og:url\" content=\"https:\/\/www.marinasbrest.fr\/en\/all-events\/brest-2024-changement-dhoraire-douverture-a-la-marina-du-chateau\/\" \/>\n<meta property=\"og:site_name\" content=\"Brest Marinas\" \/>\n<meta property=\"article:publisher\" content=\"https:\/\/www.facebook.com\/marinasbrest\/\" \/>\n<meta property=\"article:modified_time\" content=\"2024-07-11T09:16:30+00:00\" \/>\n<meta name=\"twitter:card\" content=\"summary_large_image\" \/>\n<meta name=\"twitter:label1\" content=\"Est. reading time\" \/>\n\t<meta name=\"twitter:data1\" content=\"1 minute\" \/>\n<script type=\"application\/ld+json\" class=\"yoast-schema-graph\">{\"@context\":\"https:\\\/\\\/schema.org\",\"@graph\":[{\"@type\":\"WebPage\",\"@id\":\"https:\\\/\\\/www.marinasbrest.fr\\\/en\\\/all-events\\\/brest-2024-changement-dhoraire-douverture-a-la-marina-du-chateau\\\/\",\"url\":\"https:\\\/\\\/www.marinasbrest.fr\\\/en\\\/all-events\\\/brest-2024-changement-dhoraire-douverture-a-la-marina-du-chateau\\\/\",\"name\":\"Brest 2024 - Changement d'horaire d'ouverture \u00e0 la Marina du ch\u00e2teau - Brest Marinas\",\"isPartOf\":{\"@id\":\"https:\\\/\\\/www.marinasbrest.fr\\\/en\\\/#website\"},\"datePublished\":\"2024-07-11T09:16:28+00:00\",\"dateModified\":\"2024-07-11T09:16:30+00:00\",\"breadcrumb\":{\"@id\":\"https:\\\/\\\/www.marinasbrest.fr\\\/en\\\/all-events\\\/brest-2024-changement-dhoraire-douverture-a-la-marina-du-chateau\\\/#breadcrumb\"},\"inLanguage\":\"en-US\",\"potentialAction\":[{\"@type\":\"ReadAction\",\"target\":[\"https:\\\/\\\/www.marinasbrest.fr\\\/en\\\/all-events\\\/brest-2024-changement-dhoraire-douverture-a-la-marina-du-chateau\\\/\"]}]},{\"@type\":\"BreadcrumbList\",\"@id\":\"https:\\\/\\\/www.marinasbrest.fr\\\/en\\\/all-events\\\/brest-2024-changement-dhoraire-douverture-a-la-marina-du-chateau\\\/#breadcrumb\",\"itemListElement\":[{\"@type\":\"ListItem\",\"position\":1,\"name\":\"Accueil\",\"item\":\"https:\\\/\\\/www.marinasbrest.fr\\\/en\\\/\"},{\"@type\":\"ListItem\",\"position\":2,\"name\":\"Brest 2024 - Changement d'horaire d'ouverture \u00e0 la Marina du ch\u00e2teau\"}]},{\"@type\":\"WebSite\",\"@id\":\"https:\\\/\\\/www.marinasbrest.fr\\\/en\\\/#website\",\"url\":\"https:\\\/\\\/www.marinasbrest.fr\\\/en\\\/\",\"name\":\"Brest Marinas\",\"description\":\"Deux marinas pour votre escale dans l&#039;une des plus belles rades du Monde\",\"publisher\":{\"@id\":\"https:\\\/\\\/www.marinasbrest.fr\\\/en\\\/#organization\"},\"potentialAction\":[{\"@type\":\"SearchAction\",\"target\":{\"@type\":\"EntryPoint\",\"urlTemplate\":\"https:\\\/\\\/www.marinasbrest.fr\\\/en\\\/?s={search_term_string}\"},\"query-input\":{\"@type\":\"PropertyValueSpecification\",\"valueRequired\":true,\"valueName\":\"search_term_string\"}}],\"inLanguage\":\"en-US\"},{\"@type\":\"Organization\",\"@id\":\"https:\\\/\\\/www.marinasbrest.fr\\\/en\\\/#organization\",\"name\":\"Les Marinas de Brest\",\"url\":\"https:\\\/\\\/www.marinasbrest.fr\\\/en\\\/\",\"logo\":{\"@type\":\"ImageObject\",\"inLanguage\":\"en-US\",\"@id\":\"https:\\\/\\\/www.marinasbrest.fr\\\/en\\\/#\\\/schema\\\/logo\\\/image\\\/\",\"url\":\"https:\\\/\\\/www.marinasbrest.fr\\\/wp-content\\\/uploads\\\/2021\\\/11\\\/logo.png\",\"contentUrl\":\"https:\\\/\\\/www.marinasbrest.fr\\\/wp-content\\\/uploads\\\/2021\\\/11\\\/logo.png\",\"width\":484,\"height\":484,\"caption\":\"Les Marinas de Brest\"},\"image\":{\"@id\":\"https:\\\/\\\/www.marinasbrest.fr\\\/en\\\/#\\\/schema\\\/logo\\\/image\\\/\"},\"sameAs\":[\"https:\\\/\\\/www.facebook.com\\\/marinasbrest\\\/\"]}]}<\/script>\n<!-- \/ Yoast SEO plugin. -->","yoast_head_json":{"title":"Brest 2024 - Changement d'horaire d'ouverture \u00e0 la Marina du ch\u00e2teau - Brest Marinas","robots":{"index":"index","follow":"follow","max-snippet":"max-snippet:-1","max-image-preview":"max-image-preview:large","max-video-preview":"max-video-preview:-1"},"canonical":"https:\/\/www.marinasbrest.fr\/en\/all-events\/brest-2024-changement-dhoraire-douverture-a-la-marina-du-chateau\/","og_locale":"en_US","og_type":"article","og_title":"Brest 2024 - Changement d'horaire d'ouverture \u00e0 la Marina du ch\u00e2teau - Brest Marinas","og_url":"https:\/\/www.marinasbrest.fr\/en\/all-events\/brest-2024-changement-dhoraire-douverture-a-la-marina-du-chateau\/","og_site_name":"Brest Marinas","article_publisher":"https:\/\/www.facebook.com\/marinasbrest\/","article_modified_time":"2024-07-11T09:16:30+00:00","twitter_card":"summary_large_image","twitter_misc":{"Est. reading time":"1 minute"},"schema":{"@context":"https:\/\/schema.org","@graph":[{"@type":"WebPage","@id":"https:\/\/www.marinasbrest.fr\/en\/all-events\/brest-2024-changement-dhoraire-douverture-a-la-marina-du-chateau\/","url":"https:\/\/www.marinasbrest.fr\/en\/all-events\/brest-2024-changement-dhoraire-douverture-a-la-marina-du-chateau\/","name":"Brest 2024 - Changement d'horaire d'ouverture \u00e0 la Marina du ch\u00e2teau - Brest Marinas","isPartOf":{"@id":"https:\/\/www.marinasbrest.fr\/en\/#website"},"datePublished":"2024-07-11T09:16:28+00:00","dateModified":"2024-07-11T09:16:30+00:00","breadcrumb":{"@id":"https:\/\/www.marinasbrest.fr\/en\/all-events\/brest-2024-changement-dhoraire-douverture-a-la-marina-du-chateau\/#breadcrumb"},"inLanguage":"en-US","potentialAction":[{"@type":"ReadAction","target":["https:\/\/www.marinasbrest.fr\/en\/all-events\/brest-2024-changement-dhoraire-douverture-a-la-marina-du-chateau\/"]}]},{"@type":"BreadcrumbList","@id":"https:\/\/www.marinasbrest.fr\/en\/all-events\/brest-2024-changement-dhoraire-douverture-a-la-marina-du-chateau\/#breadcrumb","itemListElement":[{"@type":"ListItem","position":1,"name":"Accueil","item":"https:\/\/www.marinasbrest.fr\/en\/"},{"@type":"ListItem","position":2,"name":"Brest 2024 - Changement d'horaire d'ouverture \u00e0 la Marina du ch\u00e2teau"}]},{"@type":"WebSite","@id":"https:\/\/www.marinasbrest.fr\/en\/#website","url":"https:\/\/www.marinasbrest.fr\/en\/","name":"Brest Marinas","description":"Deux marinas pour votre escale dans l&#039;une des plus belles rades du Monde","publisher":{"@id":"https:\/\/www.marinasbrest.fr\/en\/#organization"},"potentialAction":[{"@type":"SearchAction","target":{"@type":"EntryPoint","urlTemplate":"https:\/\/www.marinasbrest.fr\/en\/?s={search_term_string}"},"query-input":{"@type":"PropertyValueSpecification","valueRequired":true,"valueName":"search_term_string"}}],"inLanguage":"en-US"},{"@type":"Organization","@id":"https:\/\/www.marinasbrest.fr\/en\/#organization","name":"Les Marinas de Brest","url":"https:\/\/www.marinasbrest.fr\/en\/","logo":{"@type":"ImageObject","inLanguage":"en-US","@id":"https:\/\/www.marinasbrest.fr\/en\/#\/schema\/logo\/image\/","url":"https:\/\/www.marinasbrest.fr\/wp-content\/uploads\/2021\/11\/logo.png","contentUrl":"https:\/\/www.marinasbrest.fr\/wp-content\/uploads\/2021\/11\/logo.png","width":484,"height":484,"caption":"Les Marinas de Brest"},"image":{"@id":"https:\/\/www.marinasbrest.fr\/en\/#\/schema\/logo\/image\/"},"sameAs":["https:\/\/www.facebook.com\/marinasbrest\/"]}]}},"_links":{"self":[{"href":"https:\/\/www.marinasbrest.fr\/en\/wp-json\/wp\/v2\/cpt_evenements\/12541","targetHints":{"allow":["GET"]}}],"collection":[{"href":"https:\/\/www.marinasbrest.fr\/en\/wp-json\/wp\/v2\/cpt_evenements"}],"about":[{"href":"https:\/\/www.marinasbrest.fr\/en\/wp-json\/wp\/v2\/types\/cpt_evenements"}],"author":[{"embeddable":true,"href":"https:\/\/www.marinasbrest.fr\/en\/wp-json\/wp\/v2\/users\/4"}],"version-history":[{"count":1,"href":"https:\/\/www.marinasbrest.fr\/en\/wp-json\/wp\/v2\/cpt_evenements\/12541\/revisions"}],"predecessor-version":[{"id":12542,"href":"https:\/\/www.marinasbrest.fr\/en\/wp-json\/wp\/v2\/cpt_evenements\/12541\/revisions\/12542"}],"wp:attachment":[{"href":"https:\/\/www.marinasbrest.fr\/en\/wp-json\/wp\/v2\/media?parent=12541"}],"wp:term":[{"taxonomy":"taxo_tags_events","embeddable":true,"href":"https:\/\/www.marinasbrest.fr\/en\/wp-json\/wp\/v2\/taxo_tags_events?post=12541"}],"curies":[{"name":"wp","href":"https:\/\/api.w.org\/{rel}","templated":true}]}}